{"id":184,"date":"2022-01-16T10:11:15","date_gmt":"2022-01-16T09:11:15","guid":{"rendered":"https:\/\/mathieu-guide.fr\/?page_id=184"},"modified":"2026-01-03T18:44:01","modified_gmt":"2026-01-03T17:44:01","slug":"agenda","status":"publish","type":"page","link":"https:\/\/mathieu-guide.fr\/?page_id=184","title":{"rendered":"Agenda"},"content":{"rendered":"<p style=\"text-align: center;\"><strong>Programmation 2026 :<\/strong><\/p>\n<ul style=\"text-align: center;\">\n<li><strong>Raid \u00e0 ski autour de Pierra Menta, massif du Beaufortin<\/strong><\/li>\n<\/ul>\n<p style=\"text-align: center;\">Du 22 au 27 f\u00e9vrier 2026<\/p>\n<p style=\"text-align: center;\">Itin\u00e9rance.<\/p>\n<p style=\"text-align: center;\">H\u00e9bergements en refuges gard\u00e9s<\/p>\n<ul style=\"text-align: center;\">\n<li><strong>S\u00e9jour ski-voile en Laponie norv\u00e9gienne \u00e0 bord de AZTECLADY<\/strong><\/li>\n<\/ul>\n<p style=\"text-align: center;\"><strong>De Tromso \u00e0 Alta, de Lyngen au Finnmark<\/strong><\/p>\n<p style=\"text-align: center;\">Du 7 au 14 mars 2026<\/p>\n<p style=\"text-align: center;\">Ski \u00e0 la journ\u00e9e. H\u00e9bergement \u00e0 bord<\/p>\n<ul>\n<li style=\"text-align: center;\"><strong>S\u00e9jour ski-voile en Laponie norv\u00e9gienne \u00e0 bord de AZTECLADY<\/strong><\/li>\n<\/ul>\n<p style=\"text-align: center;\"><strong>Autour de Alta, Finnmark<\/strong><\/p>\n<p style=\"text-align: center;\">Du 14 au 21 mars 2026<\/p>\n<p style=\"text-align: center;\">Ski \u00e0 la journ\u00e9e. H\u00e9bergement \u00e0 bord<\/p>\n<ul>\n<li style=\"text-align: center;\"><strong>S\u00e9jour ski sur l&rsquo;\u00eele de Senja, Norv\u00e8ge<\/strong><br \/>\nDu 22 au 27 mars 2026<\/li>\n<\/ul>\n<p style=\"text-align: center;\">Ski \u00e0 la journ\u00e9e. H\u00e9bergement en cottage<\/p>\n<ul>\n<li style=\"text-align: center;\"><strong>Raid \u00e0 ski travers\u00e9e des D\u00f4mes de la Vanoise<\/strong><\/li>\n<\/ul>\n<p style=\"text-align: center;\">Du 4 au 10 avril 2026<\/p>\n<p style=\"text-align: center;\">Itin\u00e9rance.<\/p>\n<p style=\"text-align: center;\">H\u00e9bergements en refuges gard\u00e9s<\/p>\n<p>&nbsp;<\/p>\n<p style=\"text-align: center;\">Vous pouvez me contacter directement :<\/p>\n<aside id=\"text-2\" class=\"widget widget_text\">\n<h3 class=\"widget-title\" style=\"text-align: center;\"><strong>Contacts<\/strong><\/h3>\n<div class=\"textwidget\" style=\"text-align: center;\">\n<p><strong>T\u00e9l\u00e9phone : 06 23 21 23 33<\/strong><\/p>\n<p><strong>Mail : <a href=\"mailto:contact@mathieu-guide.fr\">contact@mathieu-guide.fr<\/a><\/strong><\/p>\n<p><strong>Site Internet : <a href=\"https:\/\/mathieu-guide.fr\">Mathieu-Guide<\/a><\/strong><\/p>\n<\/div>\n<\/aside>\n<p style=\"text-align: center;\">\n","protected":false},"excerpt":{"rendered":"<p>Programmation 2026 : Raid \u00e0 ski autour de Pierra Menta, massif du Beaufortin Du 22 au 27 f\u00e9vrier 2026 Itin\u00e9rance. H\u00e9bergements en refuges gard\u00e9s S\u00e9jour ski-voile en Laponie norv\u00e9gienne \u00e0 bord de AZTECLADY De Tromso \u00e0 Alta, de Lyngen au Finnmark Du 7 au 14 mars 2026 Ski \u00e0 la journ\u00e9e. H\u00e9bergement \u00e0 bord S\u00e9jour [&hellip;]<\/p>\n","protected":false},"author":3,"featured_media":0,"parent":0,"menu_order":0,"comment_status":"closed","ping_status":"closed","template":"","meta":[],"_links":{"self":[{"href":"https:\/\/mathieu-guide.fr\/index.php?rest_route=\/wp\/v2\/pages\/184"}],"collection":[{"href":"https:\/\/mathieu-guide.fr\/index.php?rest_route=\/wp\/v2\/pages"}],"about":[{"href":"https:\/\/mathieu-guide.fr\/index.php?rest_route=\/wp\/v2\/types\/page"}],"author":[{"embeddable":true,"href":"https:\/\/mathieu-guide.fr\/index.php?rest_route=\/wp\/v2\/users\/3"}],"replies":[{"embeddable":true,"href":"https:\/\/mathieu-guide.fr\/index.php?rest_route=%2Fwp%2Fv2%2Fcomments&post=184"}],"version-history":[{"count":13,"href":"https:\/\/mathieu-guide.fr\/index.php?rest_route=\/wp\/v2\/pages\/184\/revisions"}],"predecessor-version":[{"id":407,"href":"https:\/\/mathieu-guide.fr\/index.php?rest_route=\/wp\/v2\/pages\/184\/revisions\/407"}],"wp:attachment":[{"href":"https:\/\/mathieu-guide.fr\/index.php?rest_route=%2Fwp%2Fv2%2Fmedia&parent=184"}],"curies":[{"name":"wp","href":"https:\/\/api.w.org\/{rel}","templated":true}]}}